{"id":1420,"date":"2018-05-24T20:39:33","date_gmt":"2018-05-24T14:39:33","guid":{"rendered":"http:\/\/kinderschutzbund-schopfheim.de\/?page_id=1420"},"modified":"2026-04-07T02:21:33","modified_gmt":"2026-04-06T20:21:33","slug":"downloads-formulare","status":"publish","type":"page","link":"https:\/\/kinderschutzbund-schopfheim.de\/?page_id=1420","title":{"rendered":"Downloads\/Formulare"},"content":{"rendered":"\n<blockquote class=\"wp-block-quote is-layout-flow wp-block-quote-is-layout-flow\"><div class=\"wp-block-image\">\n<figure class=\"alignright\"><img decoding=\"async\" src=\"https:\/\/kinderschutzbund-schopfheim.de\/wp-content\/uploads\/2018\/05\/Formulare2.jpg\" alt=\"\" class=\"wp-image-1689\"\/><\/figure>\n<\/div>\n\n\n<p class=\"has-text-color has-link-color has-small-font-size wp-elements-bbfdf765ebc3bc68dba7984f72f3084c\" style=\"color:#0064ad\"><span style=\"color: #000000;\"><strong><a href=\"https:\/\/kinderschutzbund-schopfheim.de\/wp-content\/uploads\/2021\/03\/Datenschutzerkl\u00e4rung032021.pdf\">Datenschutzerkl\u00e4rung<\/a><\/strong><\/span><\/p>\n<\/blockquote>\n\n\n\n<blockquote class=\"wp-block-quote is-style-default is-layout-flow wp-block-quote-is-layout-flow\">\n<p class=\"has-text-color has-link-color has-small-font-size wp-elements-5820238e8828e7ecdfecbc97949031ce\" style=\"color:#0064ad\"><strong>Dokumente zum Thema Kindertagespflege<\/strong><\/p>\n\n\n\n<p class=\"has-text-color has-link-color has-small-font-size wp-elements-1d7de17009b325063f6e9c0bbe472b66\" style=\"color:#0064ad\"><span style=\"color: #000000;\"><strong>F\u00fcr Kindertagespflegepersonen<\/strong><\/span><br><span style=\"color: #000000;\">Teil I <a href=\"https:\/\/kinderschutzbund-schopfheim.de\/wp-content\/uploads\/2026\/02\/2026_Qualifizierungskurs_80-UE.pdf\">Aktueller Kurs<\/a> 2026<\/span><br><span style=\"color: #000000;\"><a href=\"https:\/\/kinderschutzbund-schopfheim.de\/wp-content\/uploads\/2025\/12\/2026_Fortbildungsprogramm_Jahresplanung.pdf\">Fortbildungsprogramm<\/a> 2026<\/span><br><\/p>\n\n\n\n<p class=\"has-text-color has-link-color has-small-font-size wp-elements-d3e1bba82dd2f81ce78729def5b18bc5\" style=\"color:#0064ad\"><span style=\"color: #000000;\"><strong>F\u00fcr Eltern mit Kindern in Kindertagespflege<\/strong><\/span><br><a href=\"https:\/\/kinderschutzbund-schopfheim.de\/wp-content\/uploads\/2025\/01\/2025_2026_Satzung_Kindertagespflege_Landkreis_Loerrach.pdf\" target=\"_blank\" rel=\"noreferrer noopener\">Kostenbeitragstabelle<\/a> <span style=\"color: #000000;\">Landkreis L\u00f6rrach 2026<\/span><br><br><strong><a href=\"https:\/\/kinderschutzbund-schopfheim.de\/wp-content\/uploads\/2024\/09\/Kindertagespflege_Antrag-WJH-750-Euro.pdf\" target=\"_blank\" rel=\"noopener\"><span style=\"color: #000000;\">Basisf\u00f6rderantrag an Landkreis L\u00f6rrach<\/span><\/a><\/strong><br><span style=\"color: #000000;\">&#8211; Anlage 1_<a href=\"https:\/\/kinderschutzbund-schopfheim.de\/wp-content\/uploads\/2024\/09\/Kindertagespflege_Antrag-WJH-Anlage-1.pdf\">Betreuungszeiten<\/a><\/span><br><span style=\"color: #000000;\">&#8211;&nbsp;Anlage 2_<a href=\"https:\/\/kinderschutzbund-schopfheim.de\/wp-content\/uploads\/2024\/09\/Kindertagespflege_Antrag-WJH-Anlage-2.pdf\">AbwesenheitenEltern<\/a><\/span><br><br><span style=\"color: #000000;\">Viele Gemeinden\/St\u00e4dte f\u00f6rdern die Kindertagespflege zus\u00e4tzlich f\u00fcr dort lebende Eltern von 1\u20133-j\u00e4hrigen Kindern und zahlen Zusch\u00fcsse an Tagespflegepersonen. Die Antr\u00e4ge f\u00fcr Schopfheim Maulburg und Steinen bearbeiten wir. Hier finden Sie die Antragsformulare:<\/span><br><span style=\"color: #000000;\"><u>Schopfheim <a href=\"https:\/\/kinderschutzbund-schopfheim.de\/wp-content\/uploads\/2021\/05\/U3_Betreuung_Antragsformular-SchopfheimerKindertagespflegeModell-Stand-2021.pdf\">Antrag<\/a><\/u>&nbsp;&nbsp;&nbsp;&nbsp;&nbsp;&nbsp;&nbsp; &nbsp;&nbsp;<u>Maulburg <a href=\"https:\/\/kinderschutzbund-schopfheim.de\/wp-content\/uploads\/2021\/05\/U3_Betreuung_Antragsformular-MaulburgerKindertagespflegeModell-Stand-2021.pdf\">Antrag<\/a><\/u> &nbsp; &nbsp; &nbsp;&nbsp; <u>Steinen <a href=\"https:\/\/kinderschutzbund-schopfheim.de\/wp-content\/uploads\/2021\/05\/U3_Betreuung_Antragsformular-SteinenerKindertagespflegeModell-Stand-2021.pdf\">Antrag<\/a><\/u>&nbsp;<\/span><\/p>\n\n\n\n<p class=\"has-small-font-size\"><span style=\"color: #000000;\">Folgende Gemeinden haben ebenfalls F\u00f6rdermodelle:<\/span><br><span style=\"color: #000000;\">Hausen im Wiesental, Hasel, Kleines Wiesental, Sch\u00f6nau im Schwarzwald, Todtnau,&nbsp;Zell im Wiesental.<\/span><br><span style=\"color: #000000;\">Wenn Sie bereits eine Tagespflegeperson gefunden haben, k\u00f6nnen Sie bei Ihrer Gemeinde nach F\u00f6rdermodellen und Antragsverfahren fragen.<\/span>&nbsp;<\/p>\n\n\n\n<p class=\"has-text-color has-link-color has-small-font-size wp-elements-38989841e9e507a36fa8e518c268a0f7\" style=\"color:#0064ad\"><strong>F\u00fcr Familienpaten<\/strong><span style=\"color: #000000;\"><strong><br><\/strong>Aktuelles <a href=\"https:\/\/kinderschutzbund-schopfheim.de\/wp-content\/uploads\/2026\/02\/FP-Kurs-2026-I.pdf\" target=\"_blank\" rel=\"noreferrer noopener\">Ausbildungsprogramm <\/a>Familienpaten<\/span>.<\/p>\n\n\n\n<p class=\"has-text-color has-link-color has-small-font-size wp-elements-58e20154223fce468fdc97bb912bbb26\" style=\"color:#0064ad\"><strong>F\u00fcr Kinder- und JugendtelefonberaterInnen (KJT\/JubeJu) <\/strong><br><span style=\"color: #000000;\">Aktuelle <a href=\"https:\/\/kinderschutzbund-schopfheim.de\/wp-content\/uploads\/2026\/04\/Kursplan_KJT_Termine_2026.pdf\" target=\"_blank\" rel=\"noreferrer noopener\">Ausbildungstermine <\/a>JubeJu und KJT Kurs<\/span><br><span style=\"color: #000000;\"><a href=\"https:\/\/kinderschutzbund-schopfheim.de\/wp-content\/uploads\/2018\/06\/Information-Ausbildung-u-Dienste-2018.pdf\">Information<\/a> \u00fcber Ausbildung und Dienste am KJT<\/span><br><span style=\"color: #000000;\"><a href=\"https:\/\/kinderschutzbund-schopfheim.de\/wp-content\/uploads\/2026\/04\/Kursplan_KJT_Themen_.pdf\" target=\"_blank\" rel=\"noreferrer noopener\">Ausbildungsinhalte<\/a> Kinder- und Jugendtelefonberater<\/span><br><span style=\"color: #000000;\"><a href=\"https:\/\/kinderschutzbund-schopfheim.de\/wp-content\/uploads\/2021\/05\/KJTPlakat-Suche-Berater-2021_05.pdf\">Plakat<\/a> &#8222;Telefonberater werden&#8220;<\/span>\u00a0<\/p>\n\n\n\n<p class=\"has-text-color has-link-color has-small-font-size wp-elements-83ecfe774ef5e3a8faa9a6406bc8a195\" style=\"color:#0064ad\"><strong>F\u00fcr Eltern<br><\/strong><a href=\"mailto:info@kinderschutzbund-schopfheim.de\">Anmelden<\/a> <span style=\"color: #000000;\">zum Kurs Starke Eltern- Starke Kinder<sup>\u00ae<\/sup><\/span><br><span style=\"color: #000000;\">N\u00e4chste Kursabende am 28.April 2026 Thema:<a href=\"https:\/\/kinderschutzbund-schopfheim.de\/wp-content\/uploads\/2026\/04\/SESK_Einladung-28.04.2026.pdf\" target=\"_blank\" rel=\"noreferrer noopener\">&#8222;WUT und TROTZ&#8220;<\/a> und am 7. Juli 2026 jeweils von 19.00 &#8211; 21.00 Uhr Starke Eltern- Starke Kinder<sup>\u00ae<\/sup><\/span><\/p>\n\n\n\n<p class=\"has-text-color has-link-color has-small-font-size wp-elements-8147db4f1f0de2ce0cc702fd7de0e81e\" style=\"color:#0064ad\"><strong>F\u00fcr Babysitter<\/strong><span style=\"color: #000000;\"><br><a href=\"https:\/\/kinderschutzbund-schopfheim.de\/wp-content\/uploads\/2026\/04\/Babysitterkurs-2026_06.pdf\" target=\"_blank\" rel=\"noreferrer noopener\">Programm <\/a>n\u00e4chster Kurs. Zur <\/span><a href=\"mailto:info@kinderschutzbund-schopfheim.de\" target=\"_blank\" rel=\"noreferrer noopener\">Anmeldung<\/a><\/p>\n<\/blockquote>\n\n\n\n<blockquote class=\"wp-block-quote is-style-default is-layout-flow wp-block-quote-is-layout-flow\">\n<p class=\"has-text-color has-link-color has-small-font-size wp-elements-b29823118be2d12ee13f81025af29ac1\" style=\"color:#0064ad\"><span style=\"color: #000000;\">F<\/span><strong>\u00fcr Kinderbetreuungseinrichtungen<\/strong><span style=\"color: #000000;\"><br>Kostenloses <\/span><a href=\"https:\/\/kinderschutzbund-schopfheim.de\/wp-content\/uploads\/2019\/11\/KSB_Eltern-Flyer_2019_Okt_05.pdf\">Bildungs- und Beratungsangebot<\/a> <span style=\"color: #000000;\">&#8222;Eltern st\u00e4rken&#8220;<\/span><br><span style=\"color: #000000;\"><a style=\"color: #000000;\" href=\"https:\/\/kinderschutzbund-schopfheim.de\/wp-content\/uploads\/2022\/06\/Ief_Verzeichnis_Stand_06-2022.pdf\" target=\"_blank\" rel=\"noopener\">Liste der insofern erfahrenen Kinderschutzfachkr\u00e4fte (IseF)<\/a> im Landkreis L\u00f6rrach.<\/span><\/p>\n<\/blockquote>\n\n\n\n<blockquote class=\"wp-block-quote has-small-font-size is-layout-flow wp-block-quote-is-layout-flow\">\n<p class=\"has-text-color has-link-color has-small-font-size wp-elements-19adbb2d5459eb75a260255ce104052a\" style=\"color:#0064ad\"><span style=\"color: #000000;\"><span style=\"color: #0037ad;\"><strong>&nbsp;<\/strong><\/span><\/span><strong>Sonstiges<\/strong><span style=\"color: #000000;\"><strong><br><\/strong>4 x im Jahr zu aktuellen Kinderschutzthemen: Die DKSB Zeitschrift <strong><a href=\"https:\/\/kinderschutzbund.de\/kinderschutz-das-magazin\/\" data-type=\"link\" data-id=\"https:\/\/kinderschutzbund.de\/kinderschutz-das-magazin\/\"><span style=\"color: #0037ad;\">&#8222;<\/span><\/a><\/strong><span style=\"color: #0037ad;\"><a href=\"https:\/\/kinderschutzbund.de\/kinderschutz-das-magazin\/\" data-type=\"link\" data-id=\"https:\/\/kinderschutzbund.de\/kinderschutz-das-magazin\/\">Kinderschutz-Das Magazin.&#8220;<\/a><\/span><\/span><\/p>\n<\/blockquote>\n","protected":false},"excerpt":{"rendered":"<p>Dokumente zum Thema Kindertagespflege F\u00fcr KindertagespflegepersonenTeil I Aktueller Kurs 2026Fortbildungsprogramm 2026 F\u00fcr Eltern mit Kindern in KindertagespflegeKostenbeitragstabelle Landkreis L\u00f6rrach 2026 Basisf\u00f6rderantrag an Landkreis L\u00f6rrach&#8211; Anlage 1_Betreuungszeiten&#8211;&nbsp;Anlage 2_AbwesenheitenEltern Viele Gemeinden\/St\u00e4dte f\u00f6rdern die Kindertagespflege zus\u00e4tzlich f\u00fcr dort lebende Eltern von 1\u20133-j\u00e4hrigen Kindern und zahlen Zusch\u00fcsse an Tagespflegepersonen. Die Antr\u00e4ge f\u00fcr Schopfheim Maulburg und Steinen bearbeiten wir. Hier [&hellip;]<\/p>\n","protected":false},"author":1,"featured_media":0,"parent":1418,"menu_order":0,"comment_status":"closed","ping_status":"closed","template":"template-full.php","meta":{"footnotes":""},"class_list":["post-1420","page","type-page","status-publish","hentry"],"_links":{"self":[{"href":"https:\/\/kinderschutzbund-schopfheim.de\/index.php?rest_route=\/wp\/v2\/pages\/1420","targetHints":{"allow":["GET"]}}],"collection":[{"href":"https:\/\/kinderschutzbund-schopfheim.de\/index.php?rest_route=\/wp\/v2\/pages"}],"about":[{"href":"https:\/\/kinderschutzbund-schopfheim.de\/index.php?rest_route=\/wp\/v2\/types\/page"}],"author":[{"embeddable":true,"href":"https:\/\/kinderschutzbund-schopfheim.de\/index.php?rest_route=\/wp\/v2\/users\/1"}],"replies":[{"embeddable":true,"href":"https:\/\/kinderschutzbund-schopfheim.de\/index.php?rest_route=%2Fwp%2Fv2%2Fcomments&post=1420"}],"version-history":[{"count":339,"href":"https:\/\/kinderschutzbund-schopfheim.de\/index.php?rest_route=\/wp\/v2\/pages\/1420\/revisions"}],"predecessor-version":[{"id":3924,"href":"https:\/\/kinderschutzbund-schopfheim.de\/index.php?rest_route=\/wp\/v2\/pages\/1420\/revisions\/3924"}],"up":[{"embeddable":true,"href":"https:\/\/kinderschutzbund-schopfheim.de\/index.php?rest_route=\/wp\/v2\/pages\/1418"}],"wp:attachment":[{"href":"https:\/\/kinderschutzbund-schopfheim.de\/index.php?rest_route=%2Fwp%2Fv2%2Fmedia&parent=1420"}],"curies":[{"name":"wp","href":"https:\/\/api.w.org\/{rel}","templated":true}]}}